{"id":1661,"date":"2025-12-17T07:39:13","date_gmt":"2025-12-17T06:39:13","guid":{"rendered":"https:\/\/klubvss.cz\/?page_id=1661"},"modified":"2025-12-17T07:56:57","modified_gmt":"2025-12-17T06:56:57","slug":"1-rocnik-specialni-vystavy-vss-kielce-polsko","status":"publish","type":"page","link":"https:\/\/klubvss.cz\/?page_id=1661","title":{"rendered":"1. ro\u010dn\u00edk Speci\u00e1ln\u00ed v\u00fdstavy Vss Kielce-Polsko"},"content":{"rendered":"\n<p>Nav\u0161t\u00edvili jsme Celost\u00e1tn\u00ed v\u00fdstavu Polska v Kielc\u00edch. \ud83d\udc30 <\/p>\n\n\n\n<p>Sou\u010d\u00e1st\u00ed byl prvn\u00ed ro\u010dn\u00edk <strong>Speci\u00e1ln\u00ed v\u00fdstavy Polsk\u00e9ho klubu chovatel\u016f Vss<\/strong>. Vystaveni byli velice slu\u0161n\u00ed kr\u00e1l\u00edci (v typu, tvaru, srsti, podsad\u011b). Hlavn\u00ed ale bylo poznat se s kolegy z Polska, kte\u0159\u00ed jsou plni el\u00e1nu, nad\u0161en\u00ed a p\u0159ipraveni na sv\u00fdch chovech pracovat. Nen\u00ed se \u010demu divit, jsou to oproti n\u00e1m velice mlad\u00ed borci. Kluci si d\u011blali srandu \u017ee bych ve sv\u00fdch 43 letech byl nejstar\u0161\u00edm \u010dlenem klubu. \ud83e\udd23 Moc d\u011bkujeme za pozv\u00e1n\u00ed do st\u00e1nku, poho\u0161t\u011bn\u00ed a zaj\u00edmavou debatu o pl\u00e1nech klubu i chovn\u00fdch zv\u00ed\u0159atech \ud83d\udc4d\ud83d\ude4f\ud83c\udffbGrzegorz Furga\u0142 Budu v\u011b\u0159it v budouc\u00ed spolupr\u00e1ci na\u0161ich klub\u016f.\ud83d\udcaa\ud83d\udc4d\u263a\ufe0f<\/p>\n\n\n\n<p>Jakub Linek<\/p>\n\n\n\nngg_shortcode_0_placeholder\n\n\n\n<p><\/p>\n","protected":false},"excerpt":{"rendered":"<p>Nav\u0161t\u00edvili jsme Celost\u00e1tn\u00ed v\u00fdstavu Polska v Kielc\u00edch. \ud83d\udc30 Sou\u010d\u00e1st\u00ed byl prvn\u00ed ro\u010dn\u00edk Speci\u00e1ln\u00ed v\u00fdstavy Polsk\u00e9ho klubu chovatel\u016f Vss. Vystaveni byli velice slu\u0161n\u00ed kr\u00e1l\u00edci (v typu, tvaru, srsti, podsad\u011b). Hlavn\u00ed ale bylo poznat se s kolegy z Polska, kte\u0159\u00ed jsou plni el\u00e1nu, nad\u0161en\u00ed a p\u0159ipraveni na sv\u00fdch chovech pracovat. Nen\u00ed se \u010demu divit, jsou to oproti &hellip; <\/p>\n<p><a class=\"more-link btn\" href=\"https:\/\/klubvss.cz\/?page_id=1661\">Pokra\u010dovat ve \u010dten\u00ed<\/a><\/p>\n","protected":false},"author":1,"featured_media":0,"parent":66,"menu_order":0,"comment_status":"closed","ping_status":"closed","template":"","meta":{"ngg_post_thumbnail":0,"footnotes":""},"class_list":["post-1661","page","type-page","status-publish","hentry","nodate","item-wrap"],"_links":{"self":[{"href":"https:\/\/klubvss.cz\/index.php?rest_route=\/wp\/v2\/pages\/1661","targetHints":{"allow":["GET"]}}],"collection":[{"href":"https:\/\/klubvss.cz\/index.php?rest_route=\/wp\/v2\/pages"}],"about":[{"href":"https:\/\/klubvss.cz\/index.php?rest_route=\/wp\/v2\/types\/page"}],"author":[{"embeddable":true,"href":"https:\/\/klubvss.cz\/index.php?rest_route=\/wp\/v2\/users\/1"}],"replies":[{"embeddable":true,"href":"https:\/\/klubvss.cz\/index.php?rest_route=%2Fwp%2Fv2%2Fcomments&post=1661"}],"version-history":[{"count":4,"href":"https:\/\/klubvss.cz\/index.php?rest_route=\/wp\/v2\/pages\/1661\/revisions"}],"predecessor-version":[{"id":1748,"href":"https:\/\/klubvss.cz\/index.php?rest_route=\/wp\/v2\/pages\/1661\/revisions\/1748"}],"up":[{"embeddable":true,"href":"https:\/\/klubvss.cz\/index.php?rest_route=\/wp\/v2\/pages\/66"}],"wp:attachment":[{"href":"https:\/\/klubvss.cz\/index.php?rest_route=%2Fwp%2Fv2%2Fmedia&parent=1661"}],"curies":[{"name":"wp","href":"https:\/\/api.w.org\/{rel}","templated":true}]}}